{"id":22,"date":"2013-10-03T11:05:56","date_gmt":"2013-10-03T09:05:56","guid":{"rendered":"http:\/\/ffw-bruehl.de\/wordpress\/spielmannszug\/?page_id=22"},"modified":"2013-12-06T23:24:02","modified_gmt":"2013-12-06T21:24:02","slug":"impressum","status":"publish","type":"page","link":"https:\/\/ffw-bruehl.de\/spielmannszug\/impressum\/","title":{"rendered":"Impressum"},"content":{"rendered":"<h2>Impressum<\/h2>\n<p><b>Freiwillige Feuerwehr Br\u00fchl<\/b><br \/>\nKommandant<br \/>\nStefan Mehlich<br \/>\nLeiter der Feuerwehr<br \/>\n<a href=\"javascript:DeCryptX('3v0t2g0f3d0n201n2g3k1m1j1d2j0@2h3i1x300b3u2w3h0h1m200d1f')\">Stefan [dot] Mehlich [at] ffw-bruehl [dot] de<\/a><\/p>\n<p>&nbsp;<\/p>\n<p>Feuerwehr Br\u00fchl<br \/>\nAm Schrankenbuckel 9<br \/>\n68782 Br\u00fchl<br \/>\n<b>Telefon: 06202\/72209<br \/>\nFax: 06202\/780985<\/b><br \/>\nInternet:\u00a0<a href=\"http:\/\/www.ffw-bruehl.de\" target=\"_blank\">http:\/\/www.ffw-bruehl.de<\/a><\/p>\n<p>&nbsp;<\/p>\n<p>Diensteanbieter i.S.v. \u00a7 10 Abs.1 MedStV: Gemeinde Br\u00fchl<br \/>\nvertr. durch Herrn B\u00fcrgermeister Dr. Ralf G\u00f6ck<br \/>\nHauptstra\u00dfe 1<br \/>\n68782 Br\u00fchl<br \/>\n<b>Telefon 06202\/2003-0<\/b><br \/>\n<a href=\"javascript:DeCryptX('0b3x3h1s1h3h3u3p1f2k3v3w1f2t3d1n2v3C2d1s2w2g2j3o301c3d0d0e0n202f3h')\">buergermeisteramt [at] bruehl-baden [dot] de<\/a><\/p>\n<p>&nbsp;<\/p>\n<p>Verantwortlich nach \u00a7 10 Abs.3 MedStV:<br \/>\nCort Br\u00f6cker (Pressesprecher der FF Br\u00fchl)<br \/>\n<a href=\"javascript:DeCryptX('1f1j2m0e312u0e3l1e0l1f0r3C3i3i3z0-2d0r3x3h0h3o312f3h')\">eike [dot] seidler [at] ffw-bruehl [dot] de<\/a><\/p>\n<p>&nbsp;<\/p>\n<h3>Team \u00d6ffentlichkeitsarbeit<\/h3>\n<p>&nbsp;<\/p>\n<p>[one_third last=\"no\"]Cort Br\u00f6cker [cb]<br \/>\n68219 Mannheim<br \/>\nE-Mail:\u00a0<a href=\"javascript:DeCryptX('2e0o3u0t1\/2d1s1?1?0c3n0e0r1A3i2h3z0-1c0r1v3h3k0l1\/3g0e')\">cort.br\u00f6cker [at] ffw-bruehl [dot] de<\/a>[\/one_third]<\/p>\n<p>[one_third last=\"no\"]Benjamin Noller [bn]<br \/>\n68782 Br\u00fchl<br \/>\nE-Mail:\u00a0<a href=\"javascript:DeCryptX('1c0e3q3m3d3p3l0n0.2p0o2n0l2g1s3C1g2h0w1.2d2t1v0e2j3o1\/3g0e')\">benjamin [dot] noller [at] ffw-bruehl [dot] de<\/a>[\/one_third]<\/p>\n<p>[one_third last=\"yes\"]Ulrich Mehrer [um]<br \/>\n68782 Br\u00fchl<br \/>\nE-Mail:\u00a0<a href=\"javascript:DeCryptX('2w0l2t1j0c2j312o3h1i0r2g2t1A0f1g3z2\/1c1s2w1f2j2n200d0e')\">ulrich [dot] mehrer [at] ffw-bruehl [dot] de<\/a>[\/one_third]<\/p>\n<p>[one_third last=\"yes\"]Eike Seidler[es]<br \/>\n68782 Br\u00fchl<br \/>\nE-Mail:<a href=\"javascript:DeCryptX('2g3l3n2g202u1f2k1e3o2g3u3C1g2h1x2\/2d0r3x0e0h0l202f0e')\">eike [dot] seidler [at] ffw-bruehl [dot] de<\/a>\u00a0[\/one_third]<\/p>\n<p>&nbsp;<\/p>\n<hr width=\"100%\" \/>\n<h3><b>Haftungsausschluss<\/b><\/h3>\n<h4><b>1. Inhalt des Onlineangebotes<\/b><\/h4>\n<p>Der Autor \u00fcbernimmt keinerlei Gew\u00e4hr f\u00fcr die Aktualit\u00e4t, Korrektheit, Vollst\u00e4ndigkeit oder Qualit\u00e4t der bereitgestellten Informationen. Haftungsanspr\u00fcche gegen den Autor, welche sich auf Sch\u00e4den materieller oder ideeller Art beziehen, die durch die Nutzung oder Nichtnutzung der dargebotenen Informationen bzw. durch die Nutzung fehlerhafter und unvollst\u00e4ndiger Informationen verursacht wurden, sind grunds\u00e4tzlich ausgeschlossen, sofern seitens des Autors kein nachweislich vors\u00e4tzliches oder grob fahrl\u00e4ssiges Verschulden vorliegt.<br \/>\nAlle Angebote sind freibleibend und unverbindlich. Der Autor beh\u00e4lt es sich ausdr\u00fccklich vor, Teile der Seiten oder das gesamte Angebot ohne gesonderte Ank\u00fcndigung zu ver\u00e4ndern, zu erg\u00e4nzen, zu l\u00f6schen oder die Ver\u00f6ffentlichung zeitweise oder endg\u00fcltig einzustellen.<\/p>\n<h4><b>2. Verweise und Links<\/b><\/h4>\n<p>Bei direkten oder indirekten Verweisen auf fremde Webseiten (\"Hyperlinks\"), die au\u00dferhalb des Verantwortungsbereiches des Autors liegen, w\u00fcrde eine Haftungsverpflichtung ausschlie\u00dflich in dem Fall in Kraft treten, in dem der Autor von den Inhalten Kenntnis hat und es ihm technisch m\u00f6glich und zumutbar w\u00e4re, die Nutzung im Falle rechtswidriger Inhalte zu verhindern.<br \/>\nDer Autor erkl\u00e4rt hiermit ausdr\u00fccklich, dass zum Zeitpunkt der Linksetzung keine illegalen Inhalte auf den zu verlinkenden Seiten erkennbar waren. Auf die aktuelle und zuk\u00fcnftige Gestaltung, die Inhalte oder die Urheberschaft der verlinkten\/verkn\u00fcpften Seiten hat der Autor keinerlei Einfluss. Deshalb distanziert er sich hiermit ausdr\u00fccklich von allen Inhalten aller verlinkten \/verkn\u00fcpften Seiten, die nach der Linksetzung ver\u00e4ndert wurden. Diese Feststellung gilt f\u00fcr alle innerhalb des eigenen Internetangebotes gesetzten Links und Verweise sowie f\u00fcr Fremdeintr\u00e4ge in vom Autor eingerichteten G\u00e4steb\u00fcchern, Diskussionsforen, Linkverzeichnissen, Mailinglisten und in allen anderen Formen von Datenbanken, auf deren Inhalt externe Schreibzugriffe m\u00f6glich sind. F\u00fcr illegale, fehlerhafte oder unvollst\u00e4ndige Inhalte und insbesondere f\u00fcr Sch\u00e4den, die aus der Nutzung oder Nichtnutzung solcherart dargebotener Informationen entstehen, haftet allein der Anbieter der Seite, auf welche verwiesen wurde, nicht derjenige, der \u00fcber Links auf die jeweilige Ver\u00f6ffentlichung lediglich verweist.<\/p>\n<h4><b>3. Urheber- und Kennzeichenrecht<\/b><\/h4>\n<p>Der Autor ist bestrebt, in allen Publikationen die Urheberrechte der verwendeten Bilder, Grafiken, Tondokumente, Videosequenzen und Texte zu beachten, von ihm selbst erstellte Bilder, Grafiken, Tondokumente, Videosequenzen und Texte zu nutzen oder auf lizenzfreie Grafiken, Tondokumente, Videosequenzen und Texte zur\u00fcckzugreifen.<br \/>\nAlle innerhalb des Internetangebotes genannten und ggf. durch Dritte gesch\u00fctzten Marken- und Warenzeichen unterliegen uneingeschr\u00e4nkt den Bestimmungen des jeweils g\u00fcltigen Kennzeichenrechts und den Besitzrechten der jeweiligen eingetragenen Eigent\u00fcmer. Allein aufgrund der blo\u00dfen Nennung ist nicht der Schluss zu ziehen, dass Markenzeichen nicht durch Rechte Dritter gesch\u00fctzt sind!<br \/>\nDas Copyright f\u00fcr ver\u00f6ffentlichte, vom Autor selbst erstellte Objekte bleibt allein beim Autor der Seiten. Eine Vervielf\u00e4ltigung oder Verwendung solcher Grafiken, Tondokumente, Videosequenzen und Texte in anderen elektronischen oder gedruckten Publikationen ist ohne ausdr\u00fcckliche Zustimmung des Autors nicht gestattet.<\/p>\n<h4><b>4. Datenschutz<\/b><\/h4>\n<p>Sofern innerhalb des Internetangebotes die M\u00f6glichkeit zur Eingabe pers\u00f6nlicher oder gesch\u00e4ftlicher Daten (Emailadressen, Namen, Anschriften) besteht, so erfolgt die Preisgabe dieser Daten seitens des Nutzers auf ausdr\u00fccklich freiwilliger Basis. Die Inanspruchnahme und Bezahlung aller angebotenen Dienste ist - soweit technisch m\u00f6glich und zumutbar - auch ohne Angabe solcher Daten bzw. unter Angabe anonymisierter Daten oder eines Pseudonyms gestattet. Die Nutzung der im Rahmen des Impressums oder vergleichbarer Angaben ver\u00f6ffentlichten Kontaktdaten wie Postanschriften, Telefon- und Faxnummern sowie Emailadressen durch Dritte zur \u00dcbersendung von nicht ausdr\u00fccklich angeforderten Informationen ist nicht gestattet. Rechtliche Schritte gegen die Versender von sogenannten Spam-Mails bei Verst\u00f6ssen gegen dieses Verbot sind ausdr\u00fccklich vorbehalten.<\/p>\n<h4><strong>5. Datenschutzerkl\u00e4rung f\u00fcr die Nutzung von Facebook-Plugins (Like-Button)<\/strong><\/h4>\n<p><strong><\/strong>Auf unseren Seiten sind Plugins des sozialen Netzwerks Facebook, 1601 South<br \/>\nCalifornia Avenue, Palo Alto, CA 94304, USA integriert. Die<br \/>\nFacebook-Plugins erkennen Sie an dem Facebook-Logo oder dem \u201cLike-Button\u201d<br \/>\n(\u201cGef\u00e4llt mir\u201d) auf unserer Seite. Eine \u00dcbersicht \u00fcber die Facebook-Plugins<br \/>\nfinden Sie hier:\u00a0<a href=\"http:\/\/developers.facebook.com\/docs\/plugins\/\" target=\"_blank\">http:\/\/developers.facebook.com\/docs\/plugins\/<\/a>.<br \/>\nWenn Sie unsere Seiten besuchen, wird \u00fcber das Plugin eine direkte<br \/>\nVerbindung zwischen Ihrem Browser und dem Facebook-Server hergestellt.<br \/>\nFacebook erh\u00e4lt dadurch die Information, dass Sie mit Ihrer IP-Adresse<br \/>\nunsere Seite besucht haben. Wenn Sie den Facebook \u201cLike-Button\u201d anklicken<br \/>\nw\u00e4hrend Sie in Ihrem Facebook-Account eingeloggt sind, k\u00f6nnen Sie die<br \/>\nInhalte unserer Seiten auf Ihrem Facebook-Profil verlinken. Dadurch kann<br \/>\nFacebook den Besuch unserer Seiten Ihrem Benutzerkonto zuordnen. Wir weisen<br \/>\ndarauf hin, dass wir als Anbieter der Seiten keine Kenntnis vom Inhalt der<br \/>\n\u00fcbermittelten Daten sowie deren Nutzung durch Facebook erhalten. Weitere<br \/>\nInformationen hierzu finden Sie in der Datenschutzerkl\u00e4rung von facebook<br \/>\nunter\u00a0<a href=\"http:\/\/de-de.facebook.com\/policy.php\" target=\"_blank\">http:\/\/de-de.facebook.com\/policy.php<\/a><br \/>\nWenn Sie nicht w\u00fcnschen, dass Facebook den Besuch unserer Seiten Ihrem<br \/>\nFacebook-Nutzerkonto zuordnen kann, loggen Sie sich bitte aus Ihrem<br \/>\nFacebook-Benutzerkonto aus.<\/p>\n<h4><b>6. Einsatz von Google Analytics<\/b><\/h4>\n<p>Diese Website benutzt Google Analytics, einen Webanalysedienst der Google<br \/>\nInc. (\u201cGoogle\u201d). Google Analytics verwendet sog. \u201cCookies\u201d, Textdateien,<br \/>\ndie auf Ihrem Computer gespeichert werden und die eine Analyse der<br \/>\nBenutzung der Website durch Sie erm\u00f6glichen. Die durch den Cookie erzeugten<br \/>\nInformationen \u00fcber Ihre Benutzung dieser Website werden in der Regel an<br \/>\neinen Server von Google in den USA \u00fcbertragen und dort gespeichert. Im<br \/>\nFalle der Aktivierung der IP-Anonymisierung auf dieser Webseite wird Ihre<br \/>\nIP-Adresse von Google jedoch innerhalb von Mitgliedstaaten der Europ\u00e4ischen<br \/>\nUnion oder in anderen Vertragsstaaten des Abkommens \u00fcber den Europ\u00e4ischen<br \/>\nWirtschaftsraum zuvor gek\u00fcrzt.<\/p>\n<p>Nur in Ausnahmef\u00e4llen wird die volle IP-Adresse an einen Server von Google<br \/>\nin den USA \u00fcbertragen und dort gek\u00fcrzt. Im Auftrag des Betreibers dieser<br \/>\nWebsite wird Google diese Informationen benutzen, um Ihre Nutzung der<br \/>\nWebsite auszuwerten, um Reports \u00fcber die Websiteaktivit\u00e4ten<br \/>\nzusammenzustellen und um weitere mit der Websitenutzung und der<br \/>\nInternetnutzung verbundene Dienstleistungen gegen\u00fcber dem Websitebetreiber<br \/>\nzu erbringen. Die im Rahmen von Google Analytics von Ihrem Browser<br \/>\n\u00fcbermittelte IP-Adresse wird nicht mit anderen Daten von Google<br \/>\nzusammengef\u00fchrt.<\/p>\n<p>Sie k\u00f6nnen die Speicherung der Cookies durch eine entsprechende Einstellung<br \/>\nIhrer Browser-Software verhindern; wir weisen Sie jedoch darauf hin, dass<br \/>\nSie in diesem Fall gegebenenfalls nicht s\u00e4mtliche Funktionen dieser Website<br \/>\nvollumf\u00e4nglich werden nutzen k\u00f6nnen. Sie k\u00f6nnen dar\u00fcber hinaus die<br \/>\nErfassung der durch das Cookie erzeugten und auf Ihre Nutzung der Website<br \/>\nbezogenen Daten (inkl. Ihrer IP-Adresse) an Google sowie die Verarbeitung<br \/>\ndieser Daten durch Google verhindern, indem sie das unter dem folgenden<br \/>\nLink verf\u00fcgbare Browser-Plugin herunterladen und installieren:<br \/>\n<a href=\"http:\/\/tools.google.com\/dlpage\/gaoptout?hl=de\" target=\"_blank\">http:\/\/tools.google.com\/dlpage\/gaoptout?hl=de<\/a>.<\/p>\n<h4><b>7. Rechtswirksamkeit dieses Haftungsausschlusses<\/b><\/h4>\n<p>Dieser Haftungsausschluss ist als Teil des Internetangebotes zu betrachten, von dem aus auf diese Seite verwiesen wurde. Sofern Teile oder einzelne Formulierungen dieses Textes der geltenden Rechtslage nicht, nicht mehr oder nicht vollst\u00e4ndig entsprechen sollten, bleiben die \u00fcbrigen Teile des Dokumentes in ihrem Inhalt und ihrer G\u00fcltigkeit davon unber\u00fchrt.<\/p>\n<p>&nbsp;<\/p>\n<hr \/>\n<p>Sie k\u00f6nnen die Installation der Cookies durch eine entsprechende Einstellung Ihrer Browser Software verhindern; wir weisen Sie jedoch darauf hin, dass Sie in diesem Fall gegebenenfalls nicht s\u00e4mtliche Funktionen dieser Website voll umf\u00e4nglich nutzen k\u00f6nnen.<\/p>\n<hr \/>\n<p><b><i>Durch die Nutzung dieser Website erkl\u00e4ren Sie sich mit der Bearbeitung der \u00fcber Sie erhobenen Daten durch Google in der zuvor beschriebenen Art und Weise und zu dem zuvor benannten Zweck einverstanden.<\/i><\/b><\/p>\n<p>&nbsp;<\/p>\n<h4>Urheberrecht:<\/h4>\n<p>Die \u00c4nderung, Vervielf\u00e4ltigung, Weiterverarbeitung und \u00f6ffentliche Wiedergabe der Inhalte ist nicht gestattet.<\/p>\n<p>Unwetterwarnungen, Waldbrandgefahrenindex: \u00a9 Deutscher Wetterdienst, Offenbach (<a title=\"Deutscher Wetterdienst\" href=\"http:\/\/www.dwd.de\/\" target=\"_blank\">DWD<\/a>)<\/p>\n<p>Portraitbilder Team: \u00a0nn<\/p>\n","protected":false},"excerpt":{"rendered":"<p>Impressum Freiwillige Feuerwehr Br\u00fchl Kommandant Stefan Mehlich Leiter der Feuerwehr Stefan [dot] Mehlich [at] ffw-bruehl [dot] de &nbsp; Feuerwehr Br\u00fchl Am Schrankenbuckel 9 68782 Br\u00fchl Telefon: 06202\/72209 Fax: 06202\/780985 Internet:\u00a0http:\/\/www.ffw-bruehl.de &nbsp; Diensteanbieter i.S.v. \u00a7 10 Abs.1 MedStV: Gemeinde Br\u00fchl vertr. durch Herrn B\u00fcrgermeister Dr. Ralf G\u00f6ck Hauptstra\u00dfe 1 68782 Br\u00fchl Telefon 06202\/2003-0 buergermeisteramt [at] bruehl-baden [dot] de &nbsp; Verantwortlich nach \u00a7 10 Abs.3 MedStV: Cort Br\u00f6cker (Pressesprecher der FF Br\u00fchl) eike [dot] seidler [at] ffw-bruehl [dot] de &nbsp; Team \u00d6ffentlichkeitsarbeit &nbsp; [one_third last=&#8220;no&#8220;]Cort Br\u00f6cker [cb] 68219 Mannheim E-Mail:\u00a0cort.br\u00f6cker [at] ffw-bruehl [dot] de[\/one_third] [one_third last=&#8220;no&#8220;]Benjamin Noller [bn] 68782 Br\u00fchl E-Mail:\u00a0benjamin [dot] noller [at] ffw-bruehl [dot] de[\/one_third] [one_third last=&#8220;yes&#8220;]Ulrich Mehrer [um] 68782 Br\u00fchl E-Mail:\u00a0ulrich [dot] mehrer [at] ffw-bruehl [dot] de[\/one_third] [one_third last=&#8220;yes&#8220;]Eike Seidler[es] 68782 Br\u00fchl E-Mail:eike [dot] seidler [at] ffw-bruehl [dot] de\u00a0[\/one_third] &nbsp; Haftungsausschluss 1. Inhalt des Onlineangebotes Der Autor \u00fcbernimmt keinerlei Gew\u00e4hr f\u00fcr die Aktualit\u00e4t, Korrektheit, Vollst\u00e4ndigkeit oder Qualit\u00e4t der bereitgestellten Informationen. Haftungsanspr\u00fcche gegen den Autor, welche sich auf Sch\u00e4den materieller oder ideeller Art beziehen, die durch die Nutzung oder Nichtnutzung der dargebotenen Informationen bzw. durch die Nutzung fehlerhafter und unvollst\u00e4ndiger Informationen verursacht wurden, sind grunds\u00e4tzlich ausgeschlossen, sofern seitens des Autors kein nachweislich vors\u00e4tzliches oder grob fahrl\u00e4ssiges Verschulden vorliegt. Alle Angebote sind freibleibend und unverbindlich. Der Autor beh\u00e4lt es sich ausdr\u00fccklich vor, Teile der Seiten oder das gesamte Angebot ohne gesonderte Ank\u00fcndigung zu ver\u00e4ndern, zu erg\u00e4nzen, zu l\u00f6schen oder die Ver\u00f6ffentlichung zeitweise oder endg\u00fcltig einzustellen. 2. Verweise und Links Bei direkten oder indirekten Verweisen auf fremde Webseiten (&#8222;Hyperlinks&#8220;), die au\u00dferhalb des Verantwortungsbereiches des Autors liegen, w\u00fcrde eine Haftungsverpflichtung ausschlie\u00dflich in dem Fall in Kraft treten, in dem der Autor von den Inhalten Kenntnis hat und es ihm technisch m\u00f6glich und zumutbar w\u00e4re, die Nutzung im Falle<\/p>\n","protected":false},"author":1,"featured_media":0,"parent":0,"menu_order":0,"comment_status":"open","ping_status":"open","template":"","meta":{"_bbp_topic_count":0,"_bbp_reply_count":0,"_bbp_total_topic_count":0,"_bbp_total_reply_count":0,"_bbp_voice_count":0,"_bbp_anonymous_reply_count":0,"_bbp_topic_count_hidden":0,"_bbp_reply_count_hidden":0,"_bbp_forum_subforum_count":0,"footnotes":""},"class_list":["post-22","page","type-page","status-publish","hentry"],"_links":{"self":[{"href":"https:\/\/ffw-bruehl.de\/spielmannszug\/wp-json\/wp\/v2\/pages\/22","targetHints":{"allow":["GET"]}}],"collection":[{"href":"https:\/\/ffw-bruehl.de\/spielmannszug\/wp-json\/wp\/v2\/pages"}],"about":[{"href":"https:\/\/ffw-bruehl.de\/spielmannszug\/wp-json\/wp\/v2\/types\/page"}],"author":[{"embeddable":true,"href":"https:\/\/ffw-bruehl.de\/spielmannszug\/wp-json\/wp\/v2\/users\/1"}],"replies":[{"embeddable":true,"href":"https:\/\/ffw-bruehl.de\/spielmannszug\/wp-json\/wp\/v2\/comments?post=22"}],"version-history":[{"count":2,"href":"https:\/\/ffw-bruehl.de\/spielmannszug\/wp-json\/wp\/v2\/pages\/22\/revisions"}],"predecessor-version":[{"id":36,"href":"https:\/\/ffw-bruehl.de\/spielmannszug\/wp-json\/wp\/v2\/pages\/22\/revisions\/36"}],"wp:attachment":[{"href":"https:\/\/ffw-bruehl.de\/spielmannszug\/wp-json\/wp\/v2\/media?parent=22"}],"curies":[{"name":"wp","href":"https:\/\/api.w.org\/{rel}","templated":true}]}}